{"id":3773,"date":"2020-01-31T18:52:29","date_gmt":"2020-02-01T00:52:29","guid":{"rendered":"http:\/\/empowermissouri.org\/?page_id=3773"},"modified":"2025-10-09T12:37:58","modified_gmt":"2025-10-09T17:37:58","slug":"affordable-housing-coalition","status":"publish","type":"page","link":"https:\/\/empowermissouri.org\/es\/policy-priorities\/affordable-housing\/affordable-housing-coalition\/","title":{"rendered":"Coalici\u00f3n de vivienda asequible"},"content":{"rendered":"<p><mark style=\"background-color:rgba(0, 0, 0, 0)\" class=\"has-inline-color has-black-color\">El <strong>Coalici\u00f3n de Vivienda Asequible (AHC)<\/strong> se centra en la pregunta, <\/mark><strong><em><mark style=\"background-color:rgba(0, 0, 0, 0)\" class=\"has-inline-color has-black-color\">&#039;\u00bfQu\u00e9 se necesita para que cada persona en Missouri tenga acceso a una vivienda segura y asequible?&#039;<\/mark><\/em><\/strong><\/p>\n\n\n\n<p><strong><span class=\"has-inline-color has-black-color\">NUESTRA VISI\u00d3N<\/span><\/strong><\/p>\n\n\n\n<p><mark style=\"background-color:rgba(0, 0, 0, 0)\" class=\"has-inline-color has-black-color\"><strong>La Coalici\u00f3n de Vivienda Asequible<\/strong> es un equipo multisectorial de defensores dedicados que comprenden la importancia de la vivienda estable para la salud, la comunidad, la seguridad y m\u00e1s. Apoyamos el trabajo de vivienda regional seg\u00fan corresponda y expandimos esa energ\u00eda a nivel estatal y federal, generando impulso para abordar la crisis de escasez de viviendas en un nivel apropiado. Nos impulsa a asegurarnos de que todas las personas de nuestro estado tengan acceso a viviendas seguras y asequibles.<\/mark> <mark style=\"background-color:rgba(0, 0, 0, 0)\" class=\"has-inline-color has-black-color\"><strong>Nuestra coalici\u00f3n se centra en los m\u00e1s vulnerables.<\/strong>, especialmente aquellos que ganan menos de 50% de su AMI (ingreso medio del \u00e1rea) o que alquilan.&nbsp;<\/mark><\/p>\n\n\n\n<p><strong><span class=\"has-inline-color has-black-color\">INSTANT\u00c1NEA DE VIVIENDA ASEQUIBLE&nbsp;<\/span><\/strong><\/p>\n\n\n\n<ul class=\"wp-block-list\">\n<li><mark style=\"background-color:rgba(0, 0, 0, 0)\" class=\"has-inline-color has-black-color\"><strong>Missourians earning minimum wage have to work 55 hours per week in order to afford a one-bedroom rental home.<\/strong><\/mark><\/li>\n\n\n\n<li><mark style=\"background-color:rgba(0, 0, 0, 0)\" class=\"has-inline-color has-black-color\"><strong>In Missouri, a full-time worker must earn $20.83 an hour in order to afford a two-bedroom rental home.<\/strong><\/mark><\/li>\n\n\n\n<li><mark style=\"background-color:rgba(0, 0, 0, 0)\" class=\"has-inline-color has-black-color\"><strong>Over 175,000 households in Missouri are unable to secure affordable housing. <\/strong><\/mark><\/li>\n\n\n\n<li><mark style=\"background-color:rgba(0, 0, 0, 0)\" class=\"has-inline-color has-black-color\"><strong>M\u00e1s de 70% de hogares de bajos ingresos pagan demasiado por su vivienda.<\/strong><\/mark><\/li>\n<\/ul>\n\n\n\n<p><strong><span class=\"has-inline-color has-black-color\">EL PLAN - Reformas de vivienda asequible&nbsp;<\/span><\/strong><\/p>\n\n\n\n<p><mark style=\"background-color:rgba(0, 0, 0, 0)\" class=\"has-inline-color has-black-color\">Nuestro objetivo es que todas las conversaciones en torno a la vivienda se centren en la poblaci\u00f3n con mayor necesidad. <strong>La vivienda es la clave de muchos de los objetivos<\/strong> de nuestro estado, incluidos los resultados de salud y salud mental, participaci\u00f3n de la fuerza laboral y comunidades seguras.<\/mark><\/p>\n\n\n\n<p><mark style=\"background-color:rgba(0, 0, 0, 0)\" class=\"has-inline-color has-black-color\">Empower Missouri recomienda estas propuestas de pol\u00edticas a largo plazo para abordar la asequibilidad de la vivienda y la falta de vivienda.&nbsp;<\/mark><\/p>\n\n\n\n<ul class=\"wp-block-list\">\n<li><mark style=\"background-color:rgba(0, 0, 0, 0)\" class=\"has-inline-color has-black-color\"><strong>Uso equitativo de los cr\u00e9ditos fiscales y los incentivos para incentivar el desarrollo de viviendas que sean verdaderamente asequibles en las comunidades que lo necesitan.<\/strong><\/mark><\/li>\n\n\n\n<li><mark style=\"background-color:rgba(0, 0, 0, 0)\" class=\"has-inline-color has-black-color\"><strong>Protecci\u00f3n de los derechos de los inquilinos, incluido el apoyo ampliado en el mercado privado<\/strong><\/mark><\/li>\n\n\n\n<li><mark style=\"background-color:rgba(0, 0, 0, 0)\" class=\"has-inline-color has-black-color\"><strong>Apoyar los cambios de zonificaci\u00f3n local para permitir que todos nuestros vecinos vivan en las comunidades que elijan.<\/strong><\/mark><\/li>\n<\/ul>\n\n\n\n<p><mark style=\"background-color:rgba(0, 0, 0, 0)\" class=\"has-inline-color has-black-color\">Somos un equipo dedicado de defensores que trabajan para garantizar que las personas de nuestra comunidad tengan la misma oportunidad de triunfar. <strong>La vivienda es un derecho humano.<\/strong> Esto significa que todos nuestros vecinos merecen una vivienda segura y asequible para que puedan vivir una vida plena.<\/mark> <mark style=\"background-color:rgba(0, 0, 0, 0)\" class=\"has-inline-color has-black-color\">La vivienda asequible es clave para reducir la pobreza en todo Missouri, mejorar la salud y los resultados de salud mental, aumentar la participaci\u00f3n de la fuerza laboral y construir comunidades m\u00e1s seguras.<\/mark><\/p>\n\n\n\n<p><mark style=\"background-color:rgba(0, 0, 0, 0)\" class=\"has-inline-color has-black-color\">The AHC meets once monthly<\/mark><mark style=\"background-color:rgba(0, 0, 0, 0);color:#0001a3\" class=\"has-inline-color\"> <\/mark><strong><mark style=\"background-color:rgba(0, 0, 0, 0);color:#0239a8\" class=\"has-inline-color\"><a href=\"http:\/\/empowermissouri.org\/es\/category\/affordable-housing-coalition-call\/\">via Zoom<\/a><\/mark><\/strong>. During legislative session, meetings will be held twice monthly. <mark style=\"background-color:rgba(0, 0, 0, 0)\" class=\"has-inline-color has-black-color\">Est\u00e1 atendido por<\/mark> <strong><a href=\"https:\/\/empowermissouri.org\/es\/meet-our-new-team-member-vee-sanchez\/\">Vee Sanchez<\/a><\/strong>.<\/p>\n\n\n\n<p><mark style=\"background-color:rgba(0, 0, 0, 0)\" class=\"has-inline-color has-black-color\">Use el formulario a continuaci\u00f3n para informarnos que est\u00e1 interesado en unirse a nuestra Coalici\u00f3n de Vivienda Asequible.<\/mark><\/p>\n\n\n\n<script type=\"text\/javascript\" src=\"https:\/\/d3rse9xjbp8270.cloudfront.net\/at.js\" crossorigin=\"anonymous\"><\/script>\n<div class=\"ngp-form\" data-form-url=\"https:\/\/actions.everyaction.com\/v1\/Forms\/ExiMbb1YVEqoXucusJwzDg2\" data-fastaction-endpoint=\"https:\/\/fastaction.ngpvan.com\" data-inline-errors=\"true\" data-fastaction-nologin=\"true\" data-databag-endpoint=\"https:\/\/profile.ngpvan.com\" data-databag=\"everybody\" data-mobile-autofocus=\"false\"><\/div>","protected":false},"excerpt":{"rendered":"<p>The Affordable Housing Coalition (AHC) focuses on the question, &#8216;What will it take for every person in Missouri to have access to safe and affordable housing?&#8217; OUR VISION The Affordable Housing Coalition is a multi-sector team of dedicated advocates who understand the importance of stable housing on health, community, safety, and more. We support regional [&hellip;]<\/p>\n","protected":false},"author":1,"featured_media":0,"parent":9821,"menu_order":1,"comment_status":"closed","ping_status":"closed","template":"","meta":{"_exactmetrics_skip_tracking":false,"_exactmetrics_sitenote_active":false,"_exactmetrics_sitenote_note":"","_exactmetrics_sitenote_category":0,"footnotes":""},"coauthors":[359],"class_list":["post-3773","page","type-page","status-publish","hentry"],"yoast_head":"<!-- This site is optimized with the Yoast SEO plugin v27.5 - https:\/\/yoast.com\/product\/yoast-seo-wordpress\/ -->\n<title>Affordable Housing Coalition - Empower Missouri<\/title>\n<meta name=\"robots\" content=\"index, follow, max-snippet:-1, max-image-preview:large, max-video-preview:-1\" \/>\n<link rel=\"canonical\" href=\"https:\/\/empowermissouri.org\/es\/policy-priorities\/affordable-housing\/affordable-housing-coalition\/\" \/>\n<meta property=\"og:locale\" content=\"es_MX\" \/>\n<meta property=\"og:type\" content=\"article\" \/>\n<meta property=\"og:title\" content=\"Affordable Housing Coalition - Empower Missouri\" \/>\n<meta property=\"og:description\" content=\"The Affordable Housing Coalition (AHC) focuses on the question, &#8216;What will it take for every person in Missouri to have access to safe and affordable housing?&#8217; OUR VISION The Affordable Housing Coalition is a multi-sector team of dedicated advocates who understand the importance of stable housing on health, community, safety, and more. We support regional [&hellip;]\" \/>\n<meta property=\"og:url\" content=\"https:\/\/empowermissouri.org\/es\/policy-priorities\/affordable-housing\/affordable-housing-coalition\/\" \/>\n<meta property=\"og:site_name\" content=\"Empower Missouri\" \/>\n<meta property=\"article:publisher\" content=\"https:\/\/www.facebook.com\/empowermissouri\" \/>\n<meta property=\"article:modified_time\" content=\"2025-10-09T17:37:58+00:00\" \/>\n<meta property=\"og:image\" content=\"http:\/\/empowermissouri.org\/app\/uploads\/2019\/06\/Housing-Coalition-Facebook.png\" \/>\n\t<meta property=\"og:image:width\" content=\"940\" \/>\n\t<meta property=\"og:image:height\" content=\"788\" \/>\n\t<meta property=\"og:image:type\" content=\"image\/png\" \/>\n<meta name=\"twitter:card\" content=\"summary_large_image\" \/>\n<meta name=\"twitter:image\" content=\"https:\/\/empowermissouri.org\/app\/uploads\/2019\/06\/Housing-Coalition-Twitter.png\" \/>\n<meta name=\"twitter:site\" content=\"@empowermissouri\" \/>\n<meta name=\"twitter:label1\" content=\"Est. reading time\" \/>\n\t<meta name=\"twitter:data1\" content=\"2 minutes\" \/>\n\t<meta name=\"twitter:label2\" content=\"Written by\" \/>\n\t<meta name=\"twitter:data2\" content=\"Empower Missouri\" \/>\n<script type=\"application\/ld+json\" class=\"yoast-schema-graph\">{\"@context\":\"https:\\\/\\\/schema.org\",\"@graph\":[{\"@type\":\"WebPage\",\"@id\":\"https:\\\/\\\/empowermissouri.org\\\/policy-priorities\\\/affordable-housing\\\/affordable-housing-coalition\\\/\",\"url\":\"https:\\\/\\\/empowermissouri.org\\\/policy-priorities\\\/affordable-housing\\\/affordable-housing-coalition\\\/\",\"name\":\"Affordable Housing Coalition - Empower Missouri\",\"isPartOf\":{\"@id\":\"https:\\\/\\\/empowermissouri.org\\\/#website\"},\"datePublished\":\"2020-02-01T00:52:29+00:00\",\"dateModified\":\"2025-10-09T17:37:58+00:00\",\"breadcrumb\":{\"@id\":\"https:\\\/\\\/empowermissouri.org\\\/policy-priorities\\\/affordable-housing\\\/affordable-housing-coalition\\\/#breadcrumb\"},\"inLanguage\":\"es-MX\",\"potentialAction\":[{\"@type\":\"ReadAction\",\"target\":[\"https:\\\/\\\/empowermissouri.org\\\/policy-priorities\\\/affordable-housing\\\/affordable-housing-coalition\\\/\"]}]},{\"@type\":\"BreadcrumbList\",\"@id\":\"https:\\\/\\\/empowermissouri.org\\\/policy-priorities\\\/affordable-housing\\\/affordable-housing-coalition\\\/#breadcrumb\",\"itemListElement\":[{\"@type\":\"ListItem\",\"position\":1,\"name\":\"Home\",\"item\":\"https:\\\/\\\/empowermissouri.org\\\/\"},{\"@type\":\"ListItem\",\"position\":2,\"name\":\"Policy Priorities\",\"item\":\"https:\\\/\\\/empowermissouri.org\\\/policy-priorities\\\/\"},{\"@type\":\"ListItem\",\"position\":3,\"name\":\"Affordable Housing\",\"item\":\"https:\\\/\\\/empowermissouri.org\\\/policy-priorities\\\/affordable-housing\\\/\"},{\"@type\":\"ListItem\",\"position\":4,\"name\":\"Affordable Housing Coalition\"}]},{\"@type\":\"WebSite\",\"@id\":\"https:\\\/\\\/empowermissouri.org\\\/#website\",\"url\":\"https:\\\/\\\/empowermissouri.org\\\/\",\"name\":\"Empower Missouri\",\"description\":\"Advocating for Justice | Empowering Change\",\"publisher\":{\"@id\":\"https:\\\/\\\/empowermissouri.org\\\/#organization\"},\"potentialAction\":[{\"@type\":\"SearchAction\",\"target\":{\"@type\":\"EntryPoint\",\"urlTemplate\":\"https:\\\/\\\/empowermissouri.org\\\/?s={search_term_string}\"},\"query-input\":{\"@type\":\"PropertyValueSpecification\",\"valueRequired\":true,\"valueName\":\"search_term_string\"}}],\"inLanguage\":\"es-MX\"},{\"@type\":\"Organization\",\"@id\":\"https:\\\/\\\/empowermissouri.org\\\/#organization\",\"name\":\"Empower Missouri\",\"url\":\"https:\\\/\\\/empowermissouri.org\\\/\",\"logo\":{\"@type\":\"ImageObject\",\"inLanguage\":\"es-MX\",\"@id\":\"https:\\\/\\\/empowermissouri.org\\\/#\\\/schema\\\/logo\\\/image\\\/\",\"url\":\"http:\\\/\\\/empowermissouri.org\\\/app\\\/uploads\\\/2018\\\/08\\\/logo_button.png\",\"contentUrl\":\"http:\\\/\\\/empowermissouri.org\\\/app\\\/uploads\\\/2018\\\/08\\\/logo_button.png\",\"width\":579,\"height\":579,\"caption\":\"Empower Missouri\"},\"image\":{\"@id\":\"https:\\\/\\\/empowermissouri.org\\\/#\\\/schema\\\/logo\\\/image\\\/\"},\"sameAs\":[\"https:\\\/\\\/www.facebook.com\\\/empowermissouri\",\"https:\\\/\\\/x.com\\\/empowermissouri\",\"https:\\\/\\\/www.instagram.com\\\/empowermissouri\\\/\",\"https:\\\/\\\/www.linkedin.com\\\/company\\\/empower-missouri\\\/\"]}]}<\/script>\n<!-- \/ Yoast SEO plugin. -->","yoast_head_json":{"title":"Affordable Housing Coalition - Empower Missouri","robots":{"index":"index","follow":"follow","max-snippet":"max-snippet:-1","max-image-preview":"max-image-preview:large","max-video-preview":"max-video-preview:-1"},"canonical":"https:\/\/empowermissouri.org\/es\/policy-priorities\/affordable-housing\/affordable-housing-coalition\/","og_locale":"es_MX","og_type":"article","og_title":"Affordable Housing Coalition - Empower Missouri","og_description":"The Affordable Housing Coalition (AHC) focuses on the question, &#8216;What will it take for every person in Missouri to have access to safe and affordable housing?&#8217; OUR VISION The Affordable Housing Coalition is a multi-sector team of dedicated advocates who understand the importance of stable housing on health, community, safety, and more. We support regional [&hellip;]","og_url":"https:\/\/empowermissouri.org\/es\/policy-priorities\/affordable-housing\/affordable-housing-coalition\/","og_site_name":"Empower Missouri","article_publisher":"https:\/\/www.facebook.com\/empowermissouri","article_modified_time":"2025-10-09T17:37:58+00:00","og_image":[{"width":940,"height":788,"url":"http:\/\/empowermissouri.org\/app\/uploads\/2019\/06\/Housing-Coalition-Facebook.png","type":"image\/png"}],"twitter_card":"summary_large_image","twitter_image":"https:\/\/empowermissouri.org\/app\/uploads\/2019\/06\/Housing-Coalition-Twitter.png","twitter_site":"@empowermissouri","twitter_misc":{"Est. reading time":"2 minutes","Written by":"Empower Missouri"},"schema":{"@context":"https:\/\/schema.org","@graph":[{"@type":"WebPage","@id":"https:\/\/empowermissouri.org\/policy-priorities\/affordable-housing\/affordable-housing-coalition\/","url":"https:\/\/empowermissouri.org\/policy-priorities\/affordable-housing\/affordable-housing-coalition\/","name":"Affordable Housing Coalition - Empower Missouri","isPartOf":{"@id":"https:\/\/empowermissouri.org\/#website"},"datePublished":"2020-02-01T00:52:29+00:00","dateModified":"2025-10-09T17:37:58+00:00","breadcrumb":{"@id":"https:\/\/empowermissouri.org\/policy-priorities\/affordable-housing\/affordable-housing-coalition\/#breadcrumb"},"inLanguage":"es-MX","potentialAction":[{"@type":"ReadAction","target":["https:\/\/empowermissouri.org\/policy-priorities\/affordable-housing\/affordable-housing-coalition\/"]}]},{"@type":"BreadcrumbList","@id":"https:\/\/empowermissouri.org\/policy-priorities\/affordable-housing\/affordable-housing-coalition\/#breadcrumb","itemListElement":[{"@type":"ListItem","position":1,"name":"Home","item":"https:\/\/empowermissouri.org\/"},{"@type":"ListItem","position":2,"name":"Policy Priorities","item":"https:\/\/empowermissouri.org\/policy-priorities\/"},{"@type":"ListItem","position":3,"name":"Affordable Housing","item":"https:\/\/empowermissouri.org\/policy-priorities\/affordable-housing\/"},{"@type":"ListItem","position":4,"name":"Affordable Housing Coalition"}]},{"@type":"WebSite","@id":"https:\/\/empowermissouri.org\/#website","url":"https:\/\/empowermissouri.org\/","name":"Empoderar a Missouri","description":"Advocating for Justice | Empowering Change","publisher":{"@id":"https:\/\/empowermissouri.org\/#organization"},"potentialAction":[{"@type":"SearchAction","target":{"@type":"EntryPoint","urlTemplate":"https:\/\/empowermissouri.org\/?s={search_term_string}"},"query-input":{"@type":"PropertyValueSpecification","valueRequired":true,"valueName":"search_term_string"}}],"inLanguage":"es-MX"},{"@type":"Organization","@id":"https:\/\/empowermissouri.org\/#organization","name":"Empoderar a Missouri","url":"https:\/\/empowermissouri.org\/","logo":{"@type":"ImageObject","inLanguage":"es-MX","@id":"https:\/\/empowermissouri.org\/#\/schema\/logo\/image\/","url":"http:\/\/empowermissouri.org\/app\/uploads\/2018\/08\/logo_button.png","contentUrl":"http:\/\/empowermissouri.org\/app\/uploads\/2018\/08\/logo_button.png","width":579,"height":579,"caption":"Empower Missouri"},"image":{"@id":"https:\/\/empowermissouri.org\/#\/schema\/logo\/image\/"},"sameAs":["https:\/\/www.facebook.com\/empowermissouri","https:\/\/x.com\/empowermissouri","https:\/\/www.instagram.com\/empowermissouri\/","https:\/\/www.linkedin.com\/company\/empower-missouri\/"]}]}},"_links":{"self":[{"href":"https:\/\/empowermissouri.org\/es\/wp-json\/wp\/v2\/pages\/3773","targetHints":{"allow":["GET"]}}],"collection":[{"href":"https:\/\/empowermissouri.org\/es\/wp-json\/wp\/v2\/pages"}],"about":[{"href":"https:\/\/empowermissouri.org\/es\/wp-json\/wp\/v2\/types\/page"}],"author":[{"embeddable":true,"href":"https:\/\/empowermissouri.org\/es\/wp-json\/wp\/v2\/users\/1"}],"replies":[{"embeddable":true,"href":"https:\/\/empowermissouri.org\/es\/wp-json\/wp\/v2\/comments?post=3773"}],"version-history":[{"count":0,"href":"https:\/\/empowermissouri.org\/es\/wp-json\/wp\/v2\/pages\/3773\/revisions"}],"up":[{"embeddable":true,"href":"https:\/\/empowermissouri.org\/es\/wp-json\/wp\/v2\/pages\/9821"}],"wp:attachment":[{"href":"https:\/\/empowermissouri.org\/es\/wp-json\/wp\/v2\/media?parent=3773"}],"wp:term":[{"taxonomy":"author","embeddable":true,"href":"https:\/\/empowermissouri.org\/es\/wp-json\/wp\/v2\/coauthors?post=3773"}],"curies":[{"name":"wp","href":"https:\/\/api.w.org\/{rel}","templated":true}]}}